{"id":1723,"date":"2025-06-27T17:01:35","date_gmt":"2025-06-27T20:01:35","guid":{"rendered":"https:\/\/af7pro.com.br\/projeto\/immersive-dome\/"},"modified":"2026-04-01T15:21:40","modified_gmt":"2026-04-01T18:21:40","slug":"immersive-dome","status":"publish","type":"projeto","link":"https:\/\/af7pro.com.br\/en\/projeto\/immersive-dome\/","title":{"rendered":"Immersive Dome"},"featured_media":1034,"menu_order":64,"template":"","meta":{"_acf_changed":false},"exibicao":[101],"servicos_projeto":[76],"class_list":["post-1723","projeto","type-projeto","status-publish","has-post-thumbnail","hentry","exibicao-exibir-na-home","servicos_projeto-immersive-dome"],"acf":{"titulo_visual":"Immersive Dome","servico":"A unique experience where visitors can explore content in an intuitive and highly technological way.","texto":"LED\u00a0screens\u00a0form\u00a0a\u00a0circular\u00a0structure\u00a0that\u00a0creates\u00a0a\u00a0visual\u00a0portal\u00a0with\u00a0digital\u00a0animations\u00a0and\u00a0light\u00a0e\ufb00ects,\u00a0reinforcing\u00a0the\u00a0sense\u00a0of\u00a0immersion.\r\nOn an interactive control panel, users select the content, and it is projected across all screens, combining audio, video, animations, and graphic elements synchronized with the\u00a0illuminated\u00a0structure.The\u00a0result\u00a0is\u00a0a\u00a0clear,\u00a0modern,\u00a0and\u00a0highly\u00a0technological\u00a0presentation\u00a0for\u00a0displaying\u00a0information\u00a0and\u00a0telling\u00a0stories\u00a0in\u00a0a\u00a0distinctive\u00a0way.","logo_cliente":"","video":"https:\/\/vimeo.com\/1177158675"},"yoast_head":"<!-- This site is optimized with the Yoast SEO plugin v27.3 - https:\/\/yoast.com\/product\/yoast-seo-wordpress\/ -->\n<title>Immersive Dome - AF7Pro - Tecnologia em movimento<\/title>\n<meta name=\"description\" content=\"At FebrabanTech 2025, created for the Serasa booth: an interactive dome with 360\u00b0 projections and personalized navigation.\" \/>\n<meta name=\"robots\" content=\"index, follow, max-snippet:-1, max-image-preview:large, max-video-preview:-1\" \/>\n<link rel=\"canonical\" href=\"https:\/\/af7pro.com.br\/en\/projeto\/immersive-dome\/\" \/>\n<meta property=\"og:locale\" content=\"en_US\" \/>\n<meta property=\"og:type\" content=\"article\" \/>\n<meta property=\"og:title\" content=\"Immersive Dome - AF7Pro - Tecnologia em movimento\" \/>\n<meta property=\"og:description\" content=\"At FebrabanTech 2025, created for the Serasa booth: an interactive dome with 360\u00b0 projections and personalized navigation.\" \/>\n<meta property=\"og:url\" content=\"https:\/\/af7pro.com.br\/en\/projeto\/immersive-dome\/\" \/>\n<meta property=\"og:site_name\" content=\"AF7Pro - Tecnologia em movimento\" \/>\n<meta property=\"article:publisher\" content=\"https:\/\/www.facebook.com\/af7pro\/\" \/>\n<meta property=\"article:modified_time\" content=\"2026-04-01T18:21:40+00:00\" \/>\n<meta property=\"og:image\" content=\"https:\/\/af7pro.com.br\/wp-content\/uploads\/2025\/06\/CAPA-SITE-DOMO-e1751982936364.png\" \/>\n\t<meta property=\"og:image:width\" content=\"700\" \/>\n\t<meta property=\"og:image:height\" content=\"394\" \/>\n\t<meta property=\"og:image:type\" content=\"image\/png\" \/>\n<meta name=\"twitter:card\" content=\"summary_large_image\" \/>\n<meta name=\"twitter:label1\" content=\"Est. reading time\" \/>\n\t<meta name=\"twitter:data1\" content=\"1 minute\" \/>\n<script type=\"application\/ld+json\" class=\"yoast-schema-graph\">{\"@context\":\"https:\\\/\\\/schema.org\",\"@graph\":[{\"@type\":\"WebPage\",\"@id\":\"https:\\\/\\\/af7pro.com.br\\\/en\\\/projeto\\\/immersive-dome\\\/\",\"url\":\"https:\\\/\\\/af7pro.com.br\\\/en\\\/projeto\\\/immersive-dome\\\/\",\"name\":\"Immersive Dome - AF7Pro - Tecnologia em movimento\",\"isPartOf\":{\"@id\":\"https:\\\/\\\/af7pro.com.br\\\/en\\\/#website\"},\"primaryImageOfPage\":{\"@id\":\"https:\\\/\\\/af7pro.com.br\\\/en\\\/projeto\\\/immersive-dome\\\/#primaryimage\"},\"image\":{\"@id\":\"https:\\\/\\\/af7pro.com.br\\\/en\\\/projeto\\\/immersive-dome\\\/#primaryimage\"},\"thumbnailUrl\":\"https:\\\/\\\/af7pro.com.br\\\/wp-content\\\/uploads\\\/2025\\\/06\\\/CAPA-SITE-DOMO-e1751982936364.png\",\"datePublished\":\"2025-06-27T20:01:35+00:00\",\"dateModified\":\"2026-04-01T18:21:40+00:00\",\"description\":\"At FebrabanTech 2025, created for the Serasa booth: an interactive dome with 360\u00b0 projections and personalized navigation.\",\"breadcrumb\":{\"@id\":\"https:\\\/\\\/af7pro.com.br\\\/en\\\/projeto\\\/immersive-dome\\\/#breadcrumb\"},\"inLanguage\":\"en-US\",\"potentialAction\":[{\"@type\":\"ReadAction\",\"target\":[\"https:\\\/\\\/af7pro.com.br\\\/en\\\/projeto\\\/immersive-dome\\\/\"]}]},{\"@type\":\"ImageObject\",\"inLanguage\":\"en-US\",\"@id\":\"https:\\\/\\\/af7pro.com.br\\\/en\\\/projeto\\\/immersive-dome\\\/#primaryimage\",\"url\":\"https:\\\/\\\/af7pro.com.br\\\/wp-content\\\/uploads\\\/2025\\\/06\\\/CAPA-SITE-DOMO-e1751982936364.png\",\"contentUrl\":\"https:\\\/\\\/af7pro.com.br\\\/wp-content\\\/uploads\\\/2025\\\/06\\\/CAPA-SITE-DOMO-e1751982936364.png\",\"width\":700,\"height\":394},{\"@type\":\"BreadcrumbList\",\"@id\":\"https:\\\/\\\/af7pro.com.br\\\/en\\\/projeto\\\/immersive-dome\\\/#breadcrumb\",\"itemListElement\":[{\"@type\":\"ListItem\",\"position\":1,\"name\":\"In\u00edcio\",\"item\":\"https:\\\/\\\/af7pro.com.br\\\/en\\\/\"},{\"@type\":\"ListItem\",\"position\":2,\"name\":\"Projects\",\"item\":\"https:\\\/\\\/af7pro.com.br\\\/en\\\/portfolio\\\/\"},{\"@type\":\"ListItem\",\"position\":3,\"name\":\"Immersive Dome\"}]},{\"@type\":\"WebSite\",\"@id\":\"https:\\\/\\\/af7pro.com.br\\\/en\\\/#website\",\"url\":\"https:\\\/\\\/af7pro.com.br\\\/en\\\/\",\"name\":\"Af7 Pro - Tecnologia em movimento\",\"description\":\"Ativa\u00e7\u00f5es tecnol\u00f3gicas para eventos\",\"publisher\":{\"@id\":\"https:\\\/\\\/af7pro.com.br\\\/en\\\/#organization\"},\"potentialAction\":[{\"@type\":\"SearchAction\",\"target\":{\"@type\":\"EntryPoint\",\"urlTemplate\":\"https:\\\/\\\/af7pro.com.br\\\/en\\\/?s={search_term_string}\"},\"query-input\":{\"@type\":\"PropertyValueSpecification\",\"valueRequired\":true,\"valueName\":\"search_term_string\"}}],\"inLanguage\":\"en-US\"},{\"@type\":\"Organization\",\"@id\":\"https:\\\/\\\/af7pro.com.br\\\/en\\\/#organization\",\"name\":\"Af7 Pro Tecnologia em movimento\",\"url\":\"https:\\\/\\\/af7pro.com.br\\\/en\\\/\",\"logo\":{\"@type\":\"ImageObject\",\"inLanguage\":\"en-US\",\"@id\":\"https:\\\/\\\/af7pro.com.br\\\/en\\\/#\\\/schema\\\/logo\\\/image\\\/\",\"url\":\"https:\\\/\\\/af7pro.com.br\\\/wp-content\\\/uploads\\\/2024\\\/07\\\/favico.png\",\"contentUrl\":\"https:\\\/\\\/af7pro.com.br\\\/wp-content\\\/uploads\\\/2024\\\/07\\\/favico.png\",\"width\":512,\"height\":512,\"caption\":\"Af7 Pro Tecnologia em movimento\"},\"image\":{\"@id\":\"https:\\\/\\\/af7pro.com.br\\\/en\\\/#\\\/schema\\\/logo\\\/image\\\/\"},\"sameAs\":[\"https:\\\/\\\/www.facebook.com\\\/af7pro\\\/\",\"https:\\\/\\\/www.linkedin.com\\\/company\\\/af7pro\\\/\",\"https:\\\/\\\/pin.it\\\/5G9NvRlLS\",\"https:\\\/\\\/www.instagram.com\\\/af7pro\"]}]}<\/script>\n<!-- \/ Yoast SEO plugin. -->","yoast_head_json":{"title":"Immersive Dome - AF7Pro - Tecnologia em movimento","description":"At FebrabanTech 2025, created for the Serasa booth: an interactive dome with 360\u00b0 projections and personalized navigation.","robots":{"index":"index","follow":"follow","max-snippet":"max-snippet:-1","max-image-preview":"max-image-preview:large","max-video-preview":"max-video-preview:-1"},"canonical":"https:\/\/af7pro.com.br\/en\/projeto\/immersive-dome\/","og_locale":"en_US","og_type":"article","og_title":"Immersive Dome - AF7Pro - Tecnologia em movimento","og_description":"At FebrabanTech 2025, created for the Serasa booth: an interactive dome with 360\u00b0 projections and personalized navigation.","og_url":"https:\/\/af7pro.com.br\/en\/projeto\/immersive-dome\/","og_site_name":"AF7Pro - Tecnologia em movimento","article_publisher":"https:\/\/www.facebook.com\/af7pro\/","article_modified_time":"2026-04-01T18:21:40+00:00","og_image":[{"width":700,"height":394,"url":"https:\/\/af7pro.com.br\/wp-content\/uploads\/2025\/06\/CAPA-SITE-DOMO-e1751982936364.png","type":"image\/png"}],"twitter_card":"summary_large_image","twitter_misc":{"Est. reading time":"1 minute"},"schema":{"@context":"https:\/\/schema.org","@graph":[{"@type":"WebPage","@id":"https:\/\/af7pro.com.br\/en\/projeto\/immersive-dome\/","url":"https:\/\/af7pro.com.br\/en\/projeto\/immersive-dome\/","name":"Immersive Dome - AF7Pro - Tecnologia em movimento","isPartOf":{"@id":"https:\/\/af7pro.com.br\/en\/#website"},"primaryImageOfPage":{"@id":"https:\/\/af7pro.com.br\/en\/projeto\/immersive-dome\/#primaryimage"},"image":{"@id":"https:\/\/af7pro.com.br\/en\/projeto\/immersive-dome\/#primaryimage"},"thumbnailUrl":"https:\/\/af7pro.com.br\/wp-content\/uploads\/2025\/06\/CAPA-SITE-DOMO-e1751982936364.png","datePublished":"2025-06-27T20:01:35+00:00","dateModified":"2026-04-01T18:21:40+00:00","description":"At FebrabanTech 2025, created for the Serasa booth: an interactive dome with 360\u00b0 projections and personalized navigation.","breadcrumb":{"@id":"https:\/\/af7pro.com.br\/en\/projeto\/immersive-dome\/#breadcrumb"},"inLanguage":"en-US","potentialAction":[{"@type":"ReadAction","target":["https:\/\/af7pro.com.br\/en\/projeto\/immersive-dome\/"]}]},{"@type":"ImageObject","inLanguage":"en-US","@id":"https:\/\/af7pro.com.br\/en\/projeto\/immersive-dome\/#primaryimage","url":"https:\/\/af7pro.com.br\/wp-content\/uploads\/2025\/06\/CAPA-SITE-DOMO-e1751982936364.png","contentUrl":"https:\/\/af7pro.com.br\/wp-content\/uploads\/2025\/06\/CAPA-SITE-DOMO-e1751982936364.png","width":700,"height":394},{"@type":"BreadcrumbList","@id":"https:\/\/af7pro.com.br\/en\/projeto\/immersive-dome\/#breadcrumb","itemListElement":[{"@type":"ListItem","position":1,"name":"In\u00edcio","item":"https:\/\/af7pro.com.br\/en\/"},{"@type":"ListItem","position":2,"name":"Projects","item":"https:\/\/af7pro.com.br\/en\/portfolio\/"},{"@type":"ListItem","position":3,"name":"Immersive Dome"}]},{"@type":"WebSite","@id":"https:\/\/af7pro.com.br\/en\/#website","url":"https:\/\/af7pro.com.br\/en\/","name":"Af7 Pro - Tecnologia em movimento","description":"Ativa\u00e7\u00f5es tecnol\u00f3gicas para eventos","publisher":{"@id":"https:\/\/af7pro.com.br\/en\/#organization"},"potentialAction":[{"@type":"SearchAction","target":{"@type":"EntryPoint","urlTemplate":"https:\/\/af7pro.com.br\/en\/?s={search_term_string}"},"query-input":{"@type":"PropertyValueSpecification","valueRequired":true,"valueName":"search_term_string"}}],"inLanguage":"en-US"},{"@type":"Organization","@id":"https:\/\/af7pro.com.br\/en\/#organization","name":"Af7 Pro Tecnologia em movimento","url":"https:\/\/af7pro.com.br\/en\/","logo":{"@type":"ImageObject","inLanguage":"en-US","@id":"https:\/\/af7pro.com.br\/en\/#\/schema\/logo\/image\/","url":"https:\/\/af7pro.com.br\/wp-content\/uploads\/2024\/07\/favico.png","contentUrl":"https:\/\/af7pro.com.br\/wp-content\/uploads\/2024\/07\/favico.png","width":512,"height":512,"caption":"Af7 Pro Tecnologia em movimento"},"image":{"@id":"https:\/\/af7pro.com.br\/en\/#\/schema\/logo\/image\/"},"sameAs":["https:\/\/www.facebook.com\/af7pro\/","https:\/\/www.linkedin.com\/company\/af7pro\/","https:\/\/pin.it\/5G9NvRlLS","https:\/\/www.instagram.com\/af7pro"]}]}},"_links":{"self":[{"href":"https:\/\/af7pro.com.br\/en\/wp-json\/wp\/v2\/projeto\/1723","targetHints":{"allow":["GET"]}}],"collection":[{"href":"https:\/\/af7pro.com.br\/en\/wp-json\/wp\/v2\/projeto"}],"about":[{"href":"https:\/\/af7pro.com.br\/en\/wp-json\/wp\/v2\/types\/projeto"}],"wp:featuredmedia":[{"embeddable":true,"href":"https:\/\/af7pro.com.br\/en\/wp-json\/wp\/v2\/media\/1034"}],"wp:attachment":[{"href":"https:\/\/af7pro.com.br\/en\/wp-json\/wp\/v2\/media?parent=1723"}],"wp:term":[{"taxonomy":"exibicao","embeddable":true,"href":"https:\/\/af7pro.com.br\/en\/wp-json\/wp\/v2\/exibicao?post=1723"},{"taxonomy":"servicos_projeto","embeddable":true,"href":"https:\/\/af7pro.com.br\/en\/wp-json\/wp\/v2\/servicos_projeto?post=1723"}],"curies":[{"name":"wp","href":"https:\/\/api.w.org\/{rel}","templated":true}]}}