{"id":1660,"date":"2024-07-10T14:16:12","date_gmt":"2024-07-10T17:16:12","guid":{"rendered":"https:\/\/af7pro.com.br\/projeto\/activacion-robotica-serasa\/"},"modified":"2026-04-07T16:31:52","modified_gmt":"2026-04-07T19:31:52","slug":"activacion-robotica-serasa","status":"publish","type":"projeto","link":"https:\/\/af7pro.com.br\/es\/projeto\/activacion-robotica-serasa\/","title":{"rendered":"Activaci\u00f3n rob\u00f3tica &#8211; Serasa"},"featured_media":1299,"menu_order":148,"template":"","meta":{"_acf_changed":false},"exibicao":[],"servicos_projeto":[66],"class_list":["post-1660","projeto","type-projeto","status-publish","has-post-thumbnail","hentry","servicos_projeto-activacion-robotica"],"acf":{"titulo_visual":"Activaci\u00f3n rob\u00f3tica","servico":"Serasa","texto":"Gracias a la sincronizaci\u00f3n entre el robot y la pantalla, esta activaci\u00f3n crea experiencias de contenido interactivas e impactantes.\r\nPuede funcionar de forma aut\u00f3noma o ser activada por el p\u00fablico, garantizando una experiencia innovadora y personalizada. Es posible integrar paneles LED y crear formatos \u00fanicos para stands, convenciones y ferias comerciales.","logo_cliente":"","video":"https:\/\/vimeo.com\/849070974"},"yoast_head":"<!-- This site is optimized with the Yoast SEO plugin v27.3 - https:\/\/yoast.com\/product\/yoast-seo-wordpress\/ -->\n<title>Activaci\u00f3n rob\u00f3tica con pantallas - AF7Pro - Tecnologia em movimento<\/title>\n<meta name=\"description\" content=\"Mediante una programaci\u00f3n sincronizada, el contenido se muestra simult\u00e1neamente tanto en la pantalla de TV como en el panel LED. El robot ejecuta movimientos programados, alcanzando puntos espec\u00edficos activados por los participantes mediante sensores o en modo de presentaci\u00f3n con movimientos autom\u00e1ticos predefinidos.\" \/>\n<meta name=\"robots\" content=\"index, follow, max-snippet:-1, max-image-preview:large, max-video-preview:-1\" \/>\n<link rel=\"canonical\" href=\"https:\/\/af7pro.com.br\/es\/projeto\/activacion-robotica-serasa\/\" \/>\n<meta property=\"og:locale\" content=\"es_ES\" \/>\n<meta property=\"og:type\" content=\"article\" \/>\n<meta property=\"og:title\" content=\"Activaci\u00f3n rob\u00f3tica con pantallas - AF7Pro - Tecnologia em movimento\" \/>\n<meta property=\"og:description\" content=\"Mediante una programaci\u00f3n sincronizada, el contenido se muestra simult\u00e1neamente tanto en la pantalla de TV como en el panel LED. El robot ejecuta movimientos programados, alcanzando puntos espec\u00edficos activados por los participantes mediante sensores o en modo de presentaci\u00f3n con movimientos autom\u00e1ticos predefinidos.\" \/>\n<meta property=\"og:url\" content=\"https:\/\/af7pro.com.br\/es\/projeto\/activacion-robotica-serasa\/\" \/>\n<meta property=\"og:site_name\" content=\"AF7Pro - Tecnologia em movimento\" \/>\n<meta property=\"article:publisher\" content=\"https:\/\/www.facebook.com\/af7pro\/\" \/>\n<meta property=\"article:modified_time\" content=\"2026-04-07T19:31:52+00:00\" \/>\n<meta property=\"og:image\" content=\"https:\/\/af7pro.com.br\/wp-content\/uploads\/2024\/07\/Serasa_Braco-1.png\" \/>\n\t<meta property=\"og:image:width\" content=\"1920\" \/>\n\t<meta property=\"og:image:height\" content=\"984\" \/>\n\t<meta property=\"og:image:type\" content=\"image\/png\" \/>\n<meta name=\"twitter:card\" content=\"summary_large_image\" \/>\n<meta name=\"twitter:label1\" content=\"Tiempo de lectura\" \/>\n\t<meta name=\"twitter:data1\" content=\"1 minuto\" \/>\n<script type=\"application\/ld+json\" class=\"yoast-schema-graph\">{\"@context\":\"https:\\\/\\\/schema.org\",\"@graph\":[{\"@type\":\"WebPage\",\"@id\":\"https:\\\/\\\/af7pro.com.br\\\/es\\\/projeto\\\/activacion-robotica-serasa\\\/\",\"url\":\"https:\\\/\\\/af7pro.com.br\\\/es\\\/projeto\\\/activacion-robotica-serasa\\\/\",\"name\":\"Activaci\u00f3n rob\u00f3tica con pantallas - AF7Pro - Tecnologia em movimento\",\"isPartOf\":{\"@id\":\"https:\\\/\\\/af7pro.com.br\\\/es\\\/#website\"},\"primaryImageOfPage\":{\"@id\":\"https:\\\/\\\/af7pro.com.br\\\/es\\\/projeto\\\/activacion-robotica-serasa\\\/#primaryimage\"},\"image\":{\"@id\":\"https:\\\/\\\/af7pro.com.br\\\/es\\\/projeto\\\/activacion-robotica-serasa\\\/#primaryimage\"},\"thumbnailUrl\":\"https:\\\/\\\/af7pro.com.br\\\/wp-content\\\/uploads\\\/2024\\\/07\\\/Serasa_Braco-1.png\",\"datePublished\":\"2024-07-10T17:16:12+00:00\",\"dateModified\":\"2026-04-07T19:31:52+00:00\",\"description\":\"Mediante una programaci\u00f3n sincronizada, el contenido se muestra simult\u00e1neamente tanto en la pantalla de TV como en el panel LED. El robot ejecuta movimientos programados, alcanzando puntos espec\u00edficos activados por los participantes mediante sensores o en modo de presentaci\u00f3n con movimientos autom\u00e1ticos predefinidos.\",\"breadcrumb\":{\"@id\":\"https:\\\/\\\/af7pro.com.br\\\/es\\\/projeto\\\/activacion-robotica-serasa\\\/#breadcrumb\"},\"inLanguage\":\"es\",\"potentialAction\":[{\"@type\":\"ReadAction\",\"target\":[\"https:\\\/\\\/af7pro.com.br\\\/es\\\/projeto\\\/activacion-robotica-serasa\\\/\"]}]},{\"@type\":\"ImageObject\",\"inLanguage\":\"es\",\"@id\":\"https:\\\/\\\/af7pro.com.br\\\/es\\\/projeto\\\/activacion-robotica-serasa\\\/#primaryimage\",\"url\":\"https:\\\/\\\/af7pro.com.br\\\/wp-content\\\/uploads\\\/2024\\\/07\\\/Serasa_Braco-1.png\",\"contentUrl\":\"https:\\\/\\\/af7pro.com.br\\\/wp-content\\\/uploads\\\/2024\\\/07\\\/Serasa_Braco-1.png\",\"width\":1920,\"height\":984},{\"@type\":\"BreadcrumbList\",\"@id\":\"https:\\\/\\\/af7pro.com.br\\\/es\\\/projeto\\\/activacion-robotica-serasa\\\/#breadcrumb\",\"itemListElement\":[{\"@type\":\"ListItem\",\"position\":1,\"name\":\"In\u00edcio\",\"item\":\"https:\\\/\\\/af7pro.com.br\\\/es\\\/\"},{\"@type\":\"ListItem\",\"position\":2,\"name\":\"Proyectos\",\"item\":\"https:\\\/\\\/af7pro.com.br\\\/es\\\/portfolio\\\/\"},{\"@type\":\"ListItem\",\"position\":3,\"name\":\"Activaci\u00f3n rob\u00f3tica &#8211; Serasa\"}]},{\"@type\":\"WebSite\",\"@id\":\"https:\\\/\\\/af7pro.com.br\\\/es\\\/#website\",\"url\":\"https:\\\/\\\/af7pro.com.br\\\/es\\\/\",\"name\":\"Af7 Pro - Tecnologia em movimento\",\"description\":\"Ativa\u00e7\u00f5es tecnol\u00f3gicas para eventos\",\"publisher\":{\"@id\":\"https:\\\/\\\/af7pro.com.br\\\/es\\\/#organization\"},\"potentialAction\":[{\"@type\":\"SearchAction\",\"target\":{\"@type\":\"EntryPoint\",\"urlTemplate\":\"https:\\\/\\\/af7pro.com.br\\\/es\\\/?s={search_term_string}\"},\"query-input\":{\"@type\":\"PropertyValueSpecification\",\"valueRequired\":true,\"valueName\":\"search_term_string\"}}],\"inLanguage\":\"es\"},{\"@type\":\"Organization\",\"@id\":\"https:\\\/\\\/af7pro.com.br\\\/es\\\/#organization\",\"name\":\"Af7 Pro Tecnologia em movimento\",\"url\":\"https:\\\/\\\/af7pro.com.br\\\/es\\\/\",\"logo\":{\"@type\":\"ImageObject\",\"inLanguage\":\"es\",\"@id\":\"https:\\\/\\\/af7pro.com.br\\\/es\\\/#\\\/schema\\\/logo\\\/image\\\/\",\"url\":\"https:\\\/\\\/af7pro.com.br\\\/wp-content\\\/uploads\\\/2024\\\/07\\\/favico.png\",\"contentUrl\":\"https:\\\/\\\/af7pro.com.br\\\/wp-content\\\/uploads\\\/2024\\\/07\\\/favico.png\",\"width\":512,\"height\":512,\"caption\":\"Af7 Pro Tecnologia em movimento\"},\"image\":{\"@id\":\"https:\\\/\\\/af7pro.com.br\\\/es\\\/#\\\/schema\\\/logo\\\/image\\\/\"},\"sameAs\":[\"https:\\\/\\\/www.facebook.com\\\/af7pro\\\/\",\"https:\\\/\\\/www.linkedin.com\\\/company\\\/af7pro\\\/\",\"https:\\\/\\\/pin.it\\\/5G9NvRlLS\",\"https:\\\/\\\/www.instagram.com\\\/af7pro\"]}]}<\/script>\n<!-- \/ Yoast SEO plugin. -->","yoast_head_json":{"title":"Activaci\u00f3n rob\u00f3tica con pantallas - AF7Pro - Tecnologia em movimento","description":"Mediante una programaci\u00f3n sincronizada, el contenido se muestra simult\u00e1neamente tanto en la pantalla de TV como en el panel LED. El robot ejecuta movimientos programados, alcanzando puntos espec\u00edficos activados por los participantes mediante sensores o en modo de presentaci\u00f3n con movimientos autom\u00e1ticos predefinidos.","robots":{"index":"index","follow":"follow","max-snippet":"max-snippet:-1","max-image-preview":"max-image-preview:large","max-video-preview":"max-video-preview:-1"},"canonical":"https:\/\/af7pro.com.br\/es\/projeto\/activacion-robotica-serasa\/","og_locale":"es_ES","og_type":"article","og_title":"Activaci\u00f3n rob\u00f3tica con pantallas - AF7Pro - Tecnologia em movimento","og_description":"Mediante una programaci\u00f3n sincronizada, el contenido se muestra simult\u00e1neamente tanto en la pantalla de TV como en el panel LED. El robot ejecuta movimientos programados, alcanzando puntos espec\u00edficos activados por los participantes mediante sensores o en modo de presentaci\u00f3n con movimientos autom\u00e1ticos predefinidos.","og_url":"https:\/\/af7pro.com.br\/es\/projeto\/activacion-robotica-serasa\/","og_site_name":"AF7Pro - Tecnologia em movimento","article_publisher":"https:\/\/www.facebook.com\/af7pro\/","article_modified_time":"2026-04-07T19:31:52+00:00","og_image":[{"width":1920,"height":984,"url":"https:\/\/af7pro.com.br\/wp-content\/uploads\/2024\/07\/Serasa_Braco-1.png","type":"image\/png"}],"twitter_card":"summary_large_image","twitter_misc":{"Tiempo de lectura":"1 minuto"},"schema":{"@context":"https:\/\/schema.org","@graph":[{"@type":"WebPage","@id":"https:\/\/af7pro.com.br\/es\/projeto\/activacion-robotica-serasa\/","url":"https:\/\/af7pro.com.br\/es\/projeto\/activacion-robotica-serasa\/","name":"Activaci\u00f3n rob\u00f3tica con pantallas - AF7Pro - Tecnologia em movimento","isPartOf":{"@id":"https:\/\/af7pro.com.br\/es\/#website"},"primaryImageOfPage":{"@id":"https:\/\/af7pro.com.br\/es\/projeto\/activacion-robotica-serasa\/#primaryimage"},"image":{"@id":"https:\/\/af7pro.com.br\/es\/projeto\/activacion-robotica-serasa\/#primaryimage"},"thumbnailUrl":"https:\/\/af7pro.com.br\/wp-content\/uploads\/2024\/07\/Serasa_Braco-1.png","datePublished":"2024-07-10T17:16:12+00:00","dateModified":"2026-04-07T19:31:52+00:00","description":"Mediante una programaci\u00f3n sincronizada, el contenido se muestra simult\u00e1neamente tanto en la pantalla de TV como en el panel LED. El robot ejecuta movimientos programados, alcanzando puntos espec\u00edficos activados por los participantes mediante sensores o en modo de presentaci\u00f3n con movimientos autom\u00e1ticos predefinidos.","breadcrumb":{"@id":"https:\/\/af7pro.com.br\/es\/projeto\/activacion-robotica-serasa\/#breadcrumb"},"inLanguage":"es","potentialAction":[{"@type":"ReadAction","target":["https:\/\/af7pro.com.br\/es\/projeto\/activacion-robotica-serasa\/"]}]},{"@type":"ImageObject","inLanguage":"es","@id":"https:\/\/af7pro.com.br\/es\/projeto\/activacion-robotica-serasa\/#primaryimage","url":"https:\/\/af7pro.com.br\/wp-content\/uploads\/2024\/07\/Serasa_Braco-1.png","contentUrl":"https:\/\/af7pro.com.br\/wp-content\/uploads\/2024\/07\/Serasa_Braco-1.png","width":1920,"height":984},{"@type":"BreadcrumbList","@id":"https:\/\/af7pro.com.br\/es\/projeto\/activacion-robotica-serasa\/#breadcrumb","itemListElement":[{"@type":"ListItem","position":1,"name":"In\u00edcio","item":"https:\/\/af7pro.com.br\/es\/"},{"@type":"ListItem","position":2,"name":"Proyectos","item":"https:\/\/af7pro.com.br\/es\/portfolio\/"},{"@type":"ListItem","position":3,"name":"Activaci\u00f3n rob\u00f3tica &#8211; Serasa"}]},{"@type":"WebSite","@id":"https:\/\/af7pro.com.br\/es\/#website","url":"https:\/\/af7pro.com.br\/es\/","name":"Af7 Pro - Tecnologia em movimento","description":"Ativa\u00e7\u00f5es tecnol\u00f3gicas para eventos","publisher":{"@id":"https:\/\/af7pro.com.br\/es\/#organization"},"potentialAction":[{"@type":"SearchAction","target":{"@type":"EntryPoint","urlTemplate":"https:\/\/af7pro.com.br\/es\/?s={search_term_string}"},"query-input":{"@type":"PropertyValueSpecification","valueRequired":true,"valueName":"search_term_string"}}],"inLanguage":"es"},{"@type":"Organization","@id":"https:\/\/af7pro.com.br\/es\/#organization","name":"Af7 Pro Tecnologia em movimento","url":"https:\/\/af7pro.com.br\/es\/","logo":{"@type":"ImageObject","inLanguage":"es","@id":"https:\/\/af7pro.com.br\/es\/#\/schema\/logo\/image\/","url":"https:\/\/af7pro.com.br\/wp-content\/uploads\/2024\/07\/favico.png","contentUrl":"https:\/\/af7pro.com.br\/wp-content\/uploads\/2024\/07\/favico.png","width":512,"height":512,"caption":"Af7 Pro Tecnologia em movimento"},"image":{"@id":"https:\/\/af7pro.com.br\/es\/#\/schema\/logo\/image\/"},"sameAs":["https:\/\/www.facebook.com\/af7pro\/","https:\/\/www.linkedin.com\/company\/af7pro\/","https:\/\/pin.it\/5G9NvRlLS","https:\/\/www.instagram.com\/af7pro"]}]}},"_links":{"self":[{"href":"https:\/\/af7pro.com.br\/es\/wp-json\/wp\/v2\/projeto\/1660","targetHints":{"allow":["GET"]}}],"collection":[{"href":"https:\/\/af7pro.com.br\/es\/wp-json\/wp\/v2\/projeto"}],"about":[{"href":"https:\/\/af7pro.com.br\/es\/wp-json\/wp\/v2\/types\/projeto"}],"wp:featuredmedia":[{"embeddable":true,"href":"https:\/\/af7pro.com.br\/es\/wp-json\/wp\/v2\/media\/1299"}],"wp:attachment":[{"href":"https:\/\/af7pro.com.br\/es\/wp-json\/wp\/v2\/media?parent=1660"}],"wp:term":[{"taxonomy":"exibicao","embeddable":true,"href":"https:\/\/af7pro.com.br\/es\/wp-json\/wp\/v2\/exibicao?post=1660"},{"taxonomy":"servicos_projeto","embeddable":true,"href":"https:\/\/af7pro.com.br\/es\/wp-json\/wp\/v2\/servicos_projeto?post=1660"}],"curies":[{"name":"wp","href":"https:\/\/api.w.org\/{rel}","templated":true}]}}