{"id":1722,"date":"2025-06-27T18:47:51","date_gmt":"2025-06-27T21:47:51","guid":{"rendered":"https:\/\/af7pro.com.br\/projeto\/holografia-sincronizada-con-contenido-bayer\/"},"modified":"2026-04-01T15:03:21","modified_gmt":"2026-04-01T18:03:21","slug":"pantalla-holografica","status":"publish","type":"projeto","link":"https:\/\/af7pro.com.br\/es\/projeto\/pantalla-holografica\/","title":{"rendered":"Pantalla hologr\u00e1fica"},"featured_media":1025,"menu_order":60,"template":"","meta":{"_acf_changed":false},"exibicao":[101],"servicos_projeto":[74],"class_list":["post-1722","projeto","type-projeto","status-publish","has-post-thumbnail","hentry","exibicao-exibir-na-home","servicos_projeto-holografia"],"acf":{"titulo_visual":"Pantalla hologr\u00e1fica","servico":"La tecnolog\u00eda de holograf\u00eda crea una experiencia visual inmersiva.","texto":"El display hologr\u00e1fico es una soluci\u00f3n tecnol\u00f3gica de alto impacto para eventos que buscan innovaci\u00f3n y diferenciaci\u00f3n. Con formatos de hasta 1,5 metros de di\u00e1metro, permite la exhibici\u00f3n de contenidos tridimensionales con gran impacto visual.\r\nAdem\u00e1s, puede sincronizarse con contenidos externos, integr\u00e1ndose de forma natural en presentaciones, aperturas de eventos o activaciones especiales. Es una tecnolog\u00eda que capta la atenci\u00f3n, sorprende al p\u00fablico y refuerza el posicionamiento moderno e innovador de la marca.","logo_cliente":"","video":"https:\/\/vimeo.com\/1177156901"},"yoast_head":"<!-- This site is optimized with the Yoast SEO plugin v27.3 - https:\/\/yoast.com\/product\/yoast-seo-wordpress\/ -->\n<title>Pantalla hologr\u00e1fica - AF7Pro - Tecnologia em movimento<\/title>\n<meta name=\"description\" content=\"Activaci\u00f3n de Bayer con holograf\u00eda y LED sincronizado. Una experiencia inmersiva creada por AF7, con tecnolog\u00eda y personalizaci\u00f3n visual.\" \/>\n<meta name=\"robots\" content=\"index, follow, max-snippet:-1, max-image-preview:large, max-video-preview:-1\" \/>\n<link rel=\"canonical\" href=\"https:\/\/af7pro.com.br\/es\/projeto\/pantalla-holografica\/\" \/>\n<meta property=\"og:locale\" content=\"es_ES\" \/>\n<meta property=\"og:type\" content=\"article\" \/>\n<meta property=\"og:title\" content=\"Pantalla hologr\u00e1fica - AF7Pro - Tecnologia em movimento\" \/>\n<meta property=\"og:description\" content=\"Activaci\u00f3n de Bayer con holograf\u00eda y LED sincronizado. Una experiencia inmersiva creada por AF7, con tecnolog\u00eda y personalizaci\u00f3n visual.\" \/>\n<meta property=\"og:url\" content=\"https:\/\/af7pro.com.br\/es\/projeto\/pantalla-holografica\/\" \/>\n<meta property=\"og:site_name\" content=\"AF7Pro - Tecnologia em movimento\" \/>\n<meta property=\"article:publisher\" content=\"https:\/\/www.facebook.com\/af7pro\/\" \/>\n<meta property=\"article:modified_time\" content=\"2026-04-01T18:03:21+00:00\" \/>\n<meta property=\"og:image\" content=\"https:\/\/af7pro.com.br\/wp-content\/uploads\/2025\/06\/CAPA-SITE-HOMOLOGRAFIA-300x169-1.png\" \/>\n\t<meta property=\"og:image:width\" content=\"300\" \/>\n\t<meta property=\"og:image:height\" content=\"169\" \/>\n\t<meta property=\"og:image:type\" content=\"image\/png\" \/>\n<meta name=\"twitter:card\" content=\"summary_large_image\" \/>\n<meta name=\"twitter:label1\" content=\"Tiempo de lectura\" \/>\n\t<meta name=\"twitter:data1\" content=\"1 minuto\" \/>\n<script type=\"application\/ld+json\" class=\"yoast-schema-graph\">{\"@context\":\"https:\\\/\\\/schema.org\",\"@graph\":[{\"@type\":\"WebPage\",\"@id\":\"https:\\\/\\\/af7pro.com.br\\\/es\\\/projeto\\\/pantalla-holografica\\\/\",\"url\":\"https:\\\/\\\/af7pro.com.br\\\/es\\\/projeto\\\/pantalla-holografica\\\/\",\"name\":\"Pantalla hologr\u00e1fica - AF7Pro - Tecnologia em movimento\",\"isPartOf\":{\"@id\":\"https:\\\/\\\/af7pro.com.br\\\/es\\\/#website\"},\"primaryImageOfPage\":{\"@id\":\"https:\\\/\\\/af7pro.com.br\\\/es\\\/projeto\\\/pantalla-holografica\\\/#primaryimage\"},\"image\":{\"@id\":\"https:\\\/\\\/af7pro.com.br\\\/es\\\/projeto\\\/pantalla-holografica\\\/#primaryimage\"},\"thumbnailUrl\":\"https:\\\/\\\/af7pro.com.br\\\/wp-content\\\/uploads\\\/2025\\\/06\\\/CAPA-SITE-HOMOLOGRAFIA-300x169-1.png\",\"datePublished\":\"2025-06-27T21:47:51+00:00\",\"dateModified\":\"2026-04-01T18:03:21+00:00\",\"description\":\"Activaci\u00f3n de Bayer con holograf\u00eda y LED sincronizado. Una experiencia inmersiva creada por AF7, con tecnolog\u00eda y personalizaci\u00f3n visual.\",\"breadcrumb\":{\"@id\":\"https:\\\/\\\/af7pro.com.br\\\/es\\\/projeto\\\/pantalla-holografica\\\/#breadcrumb\"},\"inLanguage\":\"es\",\"potentialAction\":[{\"@type\":\"ReadAction\",\"target\":[\"https:\\\/\\\/af7pro.com.br\\\/es\\\/projeto\\\/pantalla-holografica\\\/\"]}]},{\"@type\":\"ImageObject\",\"inLanguage\":\"es\",\"@id\":\"https:\\\/\\\/af7pro.com.br\\\/es\\\/projeto\\\/pantalla-holografica\\\/#primaryimage\",\"url\":\"https:\\\/\\\/af7pro.com.br\\\/wp-content\\\/uploads\\\/2025\\\/06\\\/CAPA-SITE-HOMOLOGRAFIA-300x169-1.png\",\"contentUrl\":\"https:\\\/\\\/af7pro.com.br\\\/wp-content\\\/uploads\\\/2025\\\/06\\\/CAPA-SITE-HOMOLOGRAFIA-300x169-1.png\",\"width\":300,\"height\":169},{\"@type\":\"BreadcrumbList\",\"@id\":\"https:\\\/\\\/af7pro.com.br\\\/es\\\/projeto\\\/pantalla-holografica\\\/#breadcrumb\",\"itemListElement\":[{\"@type\":\"ListItem\",\"position\":1,\"name\":\"In\u00edcio\",\"item\":\"https:\\\/\\\/af7pro.com.br\\\/es\\\/\"},{\"@type\":\"ListItem\",\"position\":2,\"name\":\"Proyectos\",\"item\":\"https:\\\/\\\/af7pro.com.br\\\/es\\\/portfolio\\\/\"},{\"@type\":\"ListItem\",\"position\":3,\"name\":\"Pantalla hologr\u00e1fica\"}]},{\"@type\":\"WebSite\",\"@id\":\"https:\\\/\\\/af7pro.com.br\\\/es\\\/#website\",\"url\":\"https:\\\/\\\/af7pro.com.br\\\/es\\\/\",\"name\":\"Af7 Pro - Tecnologia em movimento\",\"description\":\"Ativa\u00e7\u00f5es tecnol\u00f3gicas para eventos\",\"publisher\":{\"@id\":\"https:\\\/\\\/af7pro.com.br\\\/es\\\/#organization\"},\"potentialAction\":[{\"@type\":\"SearchAction\",\"target\":{\"@type\":\"EntryPoint\",\"urlTemplate\":\"https:\\\/\\\/af7pro.com.br\\\/es\\\/?s={search_term_string}\"},\"query-input\":{\"@type\":\"PropertyValueSpecification\",\"valueRequired\":true,\"valueName\":\"search_term_string\"}}],\"inLanguage\":\"es\"},{\"@type\":\"Organization\",\"@id\":\"https:\\\/\\\/af7pro.com.br\\\/es\\\/#organization\",\"name\":\"Af7 Pro Tecnologia em movimento\",\"url\":\"https:\\\/\\\/af7pro.com.br\\\/es\\\/\",\"logo\":{\"@type\":\"ImageObject\",\"inLanguage\":\"es\",\"@id\":\"https:\\\/\\\/af7pro.com.br\\\/es\\\/#\\\/schema\\\/logo\\\/image\\\/\",\"url\":\"https:\\\/\\\/af7pro.com.br\\\/wp-content\\\/uploads\\\/2024\\\/07\\\/favico.png\",\"contentUrl\":\"https:\\\/\\\/af7pro.com.br\\\/wp-content\\\/uploads\\\/2024\\\/07\\\/favico.png\",\"width\":512,\"height\":512,\"caption\":\"Af7 Pro Tecnologia em movimento\"},\"image\":{\"@id\":\"https:\\\/\\\/af7pro.com.br\\\/es\\\/#\\\/schema\\\/logo\\\/image\\\/\"},\"sameAs\":[\"https:\\\/\\\/www.facebook.com\\\/af7pro\\\/\",\"https:\\\/\\\/www.linkedin.com\\\/company\\\/af7pro\\\/\",\"https:\\\/\\\/pin.it\\\/5G9NvRlLS\",\"https:\\\/\\\/www.instagram.com\\\/af7pro\"]}]}<\/script>\n<!-- \/ Yoast SEO plugin. -->","yoast_head_json":{"title":"Pantalla hologr\u00e1fica - AF7Pro - Tecnologia em movimento","description":"Activaci\u00f3n de Bayer con holograf\u00eda y LED sincronizado. Una experiencia inmersiva creada por AF7, con tecnolog\u00eda y personalizaci\u00f3n visual.","robots":{"index":"index","follow":"follow","max-snippet":"max-snippet:-1","max-image-preview":"max-image-preview:large","max-video-preview":"max-video-preview:-1"},"canonical":"https:\/\/af7pro.com.br\/es\/projeto\/pantalla-holografica\/","og_locale":"es_ES","og_type":"article","og_title":"Pantalla hologr\u00e1fica - AF7Pro - Tecnologia em movimento","og_description":"Activaci\u00f3n de Bayer con holograf\u00eda y LED sincronizado. Una experiencia inmersiva creada por AF7, con tecnolog\u00eda y personalizaci\u00f3n visual.","og_url":"https:\/\/af7pro.com.br\/es\/projeto\/pantalla-holografica\/","og_site_name":"AF7Pro - Tecnologia em movimento","article_publisher":"https:\/\/www.facebook.com\/af7pro\/","article_modified_time":"2026-04-01T18:03:21+00:00","og_image":[{"width":300,"height":169,"url":"https:\/\/af7pro.com.br\/wp-content\/uploads\/2025\/06\/CAPA-SITE-HOMOLOGRAFIA-300x169-1.png","type":"image\/png"}],"twitter_card":"summary_large_image","twitter_misc":{"Tiempo de lectura":"1 minuto"},"schema":{"@context":"https:\/\/schema.org","@graph":[{"@type":"WebPage","@id":"https:\/\/af7pro.com.br\/es\/projeto\/pantalla-holografica\/","url":"https:\/\/af7pro.com.br\/es\/projeto\/pantalla-holografica\/","name":"Pantalla hologr\u00e1fica - AF7Pro - Tecnologia em movimento","isPartOf":{"@id":"https:\/\/af7pro.com.br\/es\/#website"},"primaryImageOfPage":{"@id":"https:\/\/af7pro.com.br\/es\/projeto\/pantalla-holografica\/#primaryimage"},"image":{"@id":"https:\/\/af7pro.com.br\/es\/projeto\/pantalla-holografica\/#primaryimage"},"thumbnailUrl":"https:\/\/af7pro.com.br\/wp-content\/uploads\/2025\/06\/CAPA-SITE-HOMOLOGRAFIA-300x169-1.png","datePublished":"2025-06-27T21:47:51+00:00","dateModified":"2026-04-01T18:03:21+00:00","description":"Activaci\u00f3n de Bayer con holograf\u00eda y LED sincronizado. Una experiencia inmersiva creada por AF7, con tecnolog\u00eda y personalizaci\u00f3n visual.","breadcrumb":{"@id":"https:\/\/af7pro.com.br\/es\/projeto\/pantalla-holografica\/#breadcrumb"},"inLanguage":"es","potentialAction":[{"@type":"ReadAction","target":["https:\/\/af7pro.com.br\/es\/projeto\/pantalla-holografica\/"]}]},{"@type":"ImageObject","inLanguage":"es","@id":"https:\/\/af7pro.com.br\/es\/projeto\/pantalla-holografica\/#primaryimage","url":"https:\/\/af7pro.com.br\/wp-content\/uploads\/2025\/06\/CAPA-SITE-HOMOLOGRAFIA-300x169-1.png","contentUrl":"https:\/\/af7pro.com.br\/wp-content\/uploads\/2025\/06\/CAPA-SITE-HOMOLOGRAFIA-300x169-1.png","width":300,"height":169},{"@type":"BreadcrumbList","@id":"https:\/\/af7pro.com.br\/es\/projeto\/pantalla-holografica\/#breadcrumb","itemListElement":[{"@type":"ListItem","position":1,"name":"In\u00edcio","item":"https:\/\/af7pro.com.br\/es\/"},{"@type":"ListItem","position":2,"name":"Proyectos","item":"https:\/\/af7pro.com.br\/es\/portfolio\/"},{"@type":"ListItem","position":3,"name":"Pantalla hologr\u00e1fica"}]},{"@type":"WebSite","@id":"https:\/\/af7pro.com.br\/es\/#website","url":"https:\/\/af7pro.com.br\/es\/","name":"Af7 Pro - Tecnologia em movimento","description":"Ativa\u00e7\u00f5es tecnol\u00f3gicas para eventos","publisher":{"@id":"https:\/\/af7pro.com.br\/es\/#organization"},"potentialAction":[{"@type":"SearchAction","target":{"@type":"EntryPoint","urlTemplate":"https:\/\/af7pro.com.br\/es\/?s={search_term_string}"},"query-input":{"@type":"PropertyValueSpecification","valueRequired":true,"valueName":"search_term_string"}}],"inLanguage":"es"},{"@type":"Organization","@id":"https:\/\/af7pro.com.br\/es\/#organization","name":"Af7 Pro Tecnologia em movimento","url":"https:\/\/af7pro.com.br\/es\/","logo":{"@type":"ImageObject","inLanguage":"es","@id":"https:\/\/af7pro.com.br\/es\/#\/schema\/logo\/image\/","url":"https:\/\/af7pro.com.br\/wp-content\/uploads\/2024\/07\/favico.png","contentUrl":"https:\/\/af7pro.com.br\/wp-content\/uploads\/2024\/07\/favico.png","width":512,"height":512,"caption":"Af7 Pro Tecnologia em movimento"},"image":{"@id":"https:\/\/af7pro.com.br\/es\/#\/schema\/logo\/image\/"},"sameAs":["https:\/\/www.facebook.com\/af7pro\/","https:\/\/www.linkedin.com\/company\/af7pro\/","https:\/\/pin.it\/5G9NvRlLS","https:\/\/www.instagram.com\/af7pro"]}]}},"_links":{"self":[{"href":"https:\/\/af7pro.com.br\/es\/wp-json\/wp\/v2\/projeto\/1722","targetHints":{"allow":["GET"]}}],"collection":[{"href":"https:\/\/af7pro.com.br\/es\/wp-json\/wp\/v2\/projeto"}],"about":[{"href":"https:\/\/af7pro.com.br\/es\/wp-json\/wp\/v2\/types\/projeto"}],"wp:featuredmedia":[{"embeddable":true,"href":"https:\/\/af7pro.com.br\/es\/wp-json\/wp\/v2\/media\/1025"}],"wp:attachment":[{"href":"https:\/\/af7pro.com.br\/es\/wp-json\/wp\/v2\/media?parent=1722"}],"wp:term":[{"taxonomy":"exibicao","embeddable":true,"href":"https:\/\/af7pro.com.br\/es\/wp-json\/wp\/v2\/exibicao?post=1722"},{"taxonomy":"servicos_projeto","embeddable":true,"href":"https:\/\/af7pro.com.br\/es\/wp-json\/wp\/v2\/servicos_projeto?post=1722"}],"curies":[{"name":"wp","href":"https:\/\/api.w.org\/{rel}","templated":true}]}}